{"id":3461,"date":"2025-03-22T14:28:03","date_gmt":"2025-03-22T12:28:03","guid":{"rendered":"https:\/\/embalajeshegoalde.com\/?page_id=3461"},"modified":"2025-03-22T15:24:07","modified_gmt":"2025-03-22T13:24:07","slug":"lege-oharra","status":"publish","type":"page","link":"https:\/\/embalajeshegoalde.com\/eu\/lege-oharra\/","title":{"rendered":"Lege-oharra"},"content":{"rendered":"\t\t<div data-elementor-type=\"wp-page\" data-elementor-id=\"3461\" class=\"elementor elementor-3461 elementor-3456\">\n\t\t\t\t\t\t<section class=\"elementor-section elementor-top-section elementor-element elementor-element-067c912 elementor-section-boxed elementor-section-height-default elementor-section-height-default\" data-id=\"067c912\" data-element_type=\"section\">\n\t\t\t\t\t\t<div class=\"elementor-container elementor-column-gap-default\">\n\t\t\t\t\t<div class=\"elementor-column elementor-col-100 elementor-top-column elementor-element elementor-element-bf4f92b\" data-id=\"bf4f92b\" data-element_type=\"column\">\n\t\t\t<div class=\"elementor-widget-wrap elementor-element-populated\">\n\t\t\t\t\t\t<div class=\"elementor-element elementor-element-439873f elementor-widget elementor-widget-heading\" data-id=\"439873f\" data-element_type=\"widget\" data-widget_type=\"heading.default\">\n\t\t\t\t<div class=\"elementor-widget-container\">\n\t\t\t\t\t<h1 class=\"elementor-heading-title elementor-size-default\">LEGE-OHARRA<\/h1>\t\t\t\t<\/div>\n\t\t\t\t<\/div>\n\t\t\t\t<div class=\"elementor-element elementor-element-0419d7f elementor-widget elementor-widget-text-editor\" data-id=\"0419d7f\" data-element_type=\"widget\" data-widget_type=\"text-editor.default\">\n\t\t\t\t<div class=\"elementor-widget-container\">\n\t\t\t\t\t\t\t\t\t<p style=\"text-align: left;\"><b>INFORMAZIO LEGALA<\/b><\/p>\n<p style=\"text-align: left;\"><b><\/b>Atal honetan erabiltzaileak ezagutu beharko dituen webgune honetako sarbide- eta erabilera-baldintzei buruzko informazioa jasotzen da, Informazioaren Gizartearen Zerbitzuei eta Merkataritza Elektronikoari buruzko 34\/2002 Legean aurreikusitako ondorioetarako.<\/p>\n<div data-page=\"2\">\n<div style=\"text-align: justify;\" data-canvas-width=\"678.7586666666668\">\n<div style=\"text-align: left;\" data-page=\"1\">\n<div>\n<div>\n<div><strong>Titularra:<\/strong> EMBALAJES HEGOALDE SL<\/div>\n<div><strong>IFK:<\/strong> B95254785<\/div>\n<div><strong>Egoitza soziala:<\/strong> BERRETEAGA BIDEA, 19 &#8211; PAB. 16, 48180 LOIU-BIZKAIA<\/div>\n<div><strong>Posta elektronikoa:<\/strong> embalajes@embalajeshegoalde.com<\/div>\n<div><strong>Telefonoa: <\/strong>944536829<\/div>\n<div><strong>Erregistro-datuak:<\/strong><\/div>\n<div>&nbsp;<\/div>\n<div data-canvas-width=\"297.5426666666667\"><b>WEBGUNEAREN SARRERA-BALDINTZAK<\/b><\/div>\n<div data-canvas-width=\"297.5426666666667\"><span style=\"color: var( --e-global-color-text ); font-family: var( --e-global-typography-text-font-family ), Sans-serif; font-weight: var( --e-global-typography-text-font-weight );\">&nbsp;<\/span><\/div>\n<div data-canvas-width=\"405.6506666666667\">Webgune honen erabilerak erabiltzaile-izaera ematen dio erabiltzaileari, eta Lege-ohar honetan jasotako baldintza guztiak onartzea dakar. Erabiltzaileak baldintza hauek irakurri beharko ditu webgune honetara sartzen den bakoitzean, etorkizunean aldatuak izan daitezkeelako. Webgune honetako zenbait atal, beren berezitasunagatik, baldintza edo arau partikularren menpe egon daitezke, eta horiek Lege-ohar hau osatu, aldatu edo ordeztu ditzakete; beraz, erabiltzaileak hauek ere onartu beharko ditu.<\/div>\n<div data-canvas-width=\"405.6506666666667\">&nbsp;<\/div>\n<div data-canvas-width=\"405.6506666666667\"><b>WEBGUNEAREN ETA EDUKIAREN ERABILERA ZUZENA EGITEKO BETEBEHARRA<\/b><\/div>\n<div data-canvas-width=\"679.242666666667\">\n<p>Webgune honetako eduki guztiak (testuak, argazkiak, grafikoak, irudiak, teknologia, softwarea, estekak, ikus-entzunezko edo soinuzko edukiak, diseinu grafikoa, iturburu-kodea, etab.), bai eta markak eta bestelako ikur bereizgarriak ere, EMBALAJES HEGOALDE SL edo hirugarrenen jabetzakoak dira, eta erabiltzaileak ez du inolako eskubiderik eskuratzen haien gainean, webgunea erabiltze hutsagatik.<br><span style=\"color: var( --e-global-color-text ); font-family: var( --e-global-typography-text-font-family ), Sans-serif; font-weight: var( --e-global-typography-text-font-weight );\">Erabiltzaileak ezin izango du:<\/span><\/p>\n<p>Erabiltzaileak ezin izango du:<\/p>\n<ol>\n<li>Edukiak erreproduzitu, kopiatu, banatu, hirugarrenei jakinarazi, eraldatu edo aldatu, legeak aurreikusten dituen kasuetan edo jabeak edo eskubideen titularrak berariaz baimendutako kasuetan izan ezik.<\/li>\n<li>Softwarea, irudiak, bideoak edo datu-baseak bere erabilera pribaturako erreproduzitu edo kopiatu, eta horiek publiko egitea edo hirugarrenei jakinaraztea erreprodukzioa dakarrean kasuetan.<\/li>\n<li>Webgune honetako edukia ateratzea edo berrerabiltzea.<\/li>\n<\/ol>\n<p>Webgune honetarako estekak sartu nahi dituen erabiltzaileak baldintza hauek bete beharko ditu:<\/p>\n<ul>\n<li>Estekak hasierako orrialdearekin soilik lotuko dira, eta ezin izango da inolaz ere erreproduzitu.<\/li>\n<li>Ezin izango dira frame edo bestelako markoak erabili webgunea beste helbide batetik ikusteko, zerbitzuaren edo edukien jatorriaz nahasmena sortu dezakeen edozein modutan.<\/li>\n<li>Ezin izango da enpresari edo haren produktu eta zerbitzuei buruzko informazio okerra edo faltsua eman.<\/li>\n<li>Ezingo da enpresaren marka edo beste edozein ikur bereizgarri erabili baimenik gabe.<\/li>\n<\/ul>\n<p>Esteka egiten duen webguneak indarrean dagoen legeriari jarraitu behar dio, eta ezin izango du eduki ilegal, kaltegarri edo immoralik izan, ez eta EMBALAJES HEGOALDE SL-k esteka egiten duen webgunean adierazitako ideiak, adierazpenak edo ekintzak babesten edo onartzen dituela adierazten duen eduki faltsurik ere sortu.<br><span style=\"color: var( --e-global-color-text ); font-family: var( --e-global-typography-text-font-family ), Sans-serif; font-weight: var( --e-global-typography-text-font-weight );\">&nbsp;<\/span><\/p><\/div>\n<\/div>\n<\/div>\n<\/div>\n<div style=\"text-align: left;\" data-page=\"2\">\n<div>\n<div>\n<div data-canvas-width=\"82.99866666666668\"><b>ERABILTZAILEAREN ERANTZUKIZUNA<\/b><\/div>\n<div data-canvas-width=\"219.6919999999999\">\n<p>Webgunearen titularrak ez du bermatzen webgune honetan software kaltegarriak edo bestelako elementu informatiko kaltegarriak ez daudela. Erabiltzaileari dagokio horiek detektatzeko eta ezabatzeko tresna egokiak izatea.<br><span style=\"color: var( --e-global-color-text ); font-family: var( --e-global-typography-text-font-family ), Sans-serif; font-weight: var( --e-global-typography-text-font-weight );\">Horren arabera, webgunearen titularrak ez du erantzukizunik izango webgunerako sarbidean ordenagailuetan gertatutako kalteengatik. Halaber, ez du erantzukizunik izango sarearen huts edo deskonexioek eragindako kalteengatik.<br><\/span><span style=\"color: var( --e-global-color-text ); font-family: var( --e-global-typography-text-font-family ), Sans-serif; font-weight: var( --e-global-typography-text-font-weight );\">Webgune honetako eduki guztiak (testuak, dokumentuak, argazkiak, irudiak, ikonoak, irudikapen grafikoak, ikus-entzunezko edo soinuzko edukiak, diseinu grafikoa eta iturburu-kodea) EMBALAJES HEGOALDE SL edo hirugarrenen jabetzakoak dira, eta jabetza industrial eta intelektualari buruzko legez babestuta daude.<br><\/span><span style=\"color: var( --e-global-color-text ); font-family: var( --e-global-typography-text-font-family ), Sans-serif; font-weight: var( --e-global-typography-text-font-weight );\">Erabiltzaileek ezin izango dute eduki hauetarako sarbideak eskubiderik edo titulartasunik eman. Edonolako ustiapena, erreprodukzioa, banaketa, eraldaketa, komunikazio publikoa edo beste edozein hedapen-modu erabat debekatuta dago, baimenik gabe. Edukia deskargatu ahal izango da erabiltzailearen terminalean, erabilera pribatua eta irabazi-asmorik gabe den bitartean.<br><\/span><span style=\"color: var( --e-global-color-text ); font-family: var( --e-global-typography-text-font-family ), Sans-serif; font-weight: var( --e-global-typography-text-font-weight );\">Lege-ohar honetan jasotako eskubideak urratzeak jabetza industrial eta intelektualaren eskubideen urraketa ekar dezake.<\/span><span style=\"color: var( --e-global-color-text ); font-family: var( --e-global-typography-text-font-family ), Sans-serif; font-weight: var( --e-global-typography-text-font-weight );\">&nbsp;<\/span><\/p>\n<\/div>\n<\/div>\n<\/div>\n<\/div>\n<div data-page=\"3\">\n<div style=\"text-align: left;\" data-canvas-width=\"313.6173333333335\"><b>ENTITATEAREN ERANTZUKIZUNA<\/b><\/div>\n<div style=\"text-align: left;\" data-canvas-width=\"678.7146666666669\">\n<p>Webgunearen titularrak ez du bermatzen webgune hau software kaltegarrietatik edo bestelako elementu kaltegarrietatik libre dagoenik. Erabiltzailearen ardura da elementu horiek detektatzeko eta desinfektatzeko tresna egokiak izatea. Hori dela eta, webgunearen titularrak ez du inolako erantzukizunik izango webgune honetara sartzean ordenagailu-ekipoetan gertatzen diren kalteengatik.<br><span style=\"color: var( --e-global-color-text ); font-family: var( --e-global-typography-text-font-family ), Sans-serif; font-weight: var( --e-global-typography-text-font-weight );\">Era berean, webgunearen titularrak ez du erantzukizunik izango erabiltzaileei eragindako kalteengatik, baldin eta kalte horiek telekomunikazio-sareetan gertatutako akats edo deskonexioek eragiten badituzte, eta, ondorioz, webgunerako sarbidea eten egiten bada.<br><\/span><span style=\"color: var( --e-global-color-text ); font-family: var( --e-global-typography-text-font-family ), Sans-serif; font-weight: var( --e-global-typography-text-font-weight );\">Webguneko eduki guztiak \u2014 testuak, dokumentuak, argazkiak, marrazkiak, irudiak, ikonoak, grafikoak, ikus-entzunezko edo soinuzko edukiak, diseinu grafikoa eta iturburu-kodea, bai eta markak, izen komertzialak edo beste edozein ikur bereizgarri ere \u2014 EMBALAJES HEGOALDE SL-ren edo hirugarrenen jabetzakoak dira (legez baimenduta badaude). Eduki horiek Industria eta Jabetza Intelektualaren Legeek babesten dituzte.<br><\/span><span style=\"color: var( --e-global-color-text ); font-family: var( --e-global-typography-text-font-family ), Sans-serif; font-weight: var( --e-global-typography-text-font-weight );\">Eduki horietara sartzeak ez dio erabiltzaileari inolako eskubiderik ematen haien gainean.<br><\/span><span style=\"color: var( --e-global-color-text ); font-family: var( --e-global-typography-text-font-family ), Sans-serif; font-weight: var( --e-global-typography-text-font-weight );\">Edukien edozein ustiapen-modu, erreprodukzioa, banaketa, eraldaketa, komunikazio publikoa, lagapena edo transformazioa, edozein euskarri edo teknologiaren bidez, aurretik eta modu espresuan baimenik gabe egitea debekatuta dago.<br><\/span><span style=\"color: var( --e-global-color-text ); font-family: var( --e-global-typography-text-font-family ), Sans-serif; font-weight: var( --e-global-typography-text-font-weight );\">Edukiak erabiltzailearen terminalean deskargatzea soilik baimentzen da erabilera pertsonalerako eta irabazi-asmorik gabe erabiltzeko.<br><\/span><span style=\"color: var( --e-global-color-text ); font-family: var( --e-global-typography-text-font-family ), Sans-serif; font-weight: var( --e-global-typography-text-font-weight );\">Eskubide hauetakoren baten urraketak baldintza hauen eta\/edo Jabetza Industrial eta Intelektualaren Legeen urraketa ekar dezake.<br><\/span><span style=\"color: var( --e-global-color-text ); font-family: var( --e-global-typography-text-font-family ), Sans-serif; font-weight: var( --e-global-typography-text-font-weight );\">Webgunearen titularrak eskubidea du legezko ekintzak abiarazteko webgune honen jabetza intelektual edo industrialaren eskubideak, informazioa edo edukiak urratzen edo hausten dituzten erabiltzaileen aurka.<\/span><\/p>\n<p><b>APLIKATU BEHARREKO LEGERIA<br><\/b>Lege-ohar hau Espainiako legeriaren arabera arautzen da. Webgune honen zerbitzuen prestazioa eta erabilera-baldintzak Espainiako legeriaren arabera arautzen dira.<\/p>\n<\/div>\n<\/div>\n<\/div>\n<\/div>\t\t\t\t\t\t\t\t<\/div>\n\t\t\t\t<\/div>\n\t\t\t\t\t<\/div>\n\t\t<\/div>\n\t\t\t\t\t<\/div>\n\t\t<\/section>\n\t\t\t\t<footer class=\"elementor-section elementor-top-section elementor-element elementor-element-4207011 elementor-section-full_width elementor-section-stretched elementor-section-height-default elementor-section-height-default\" data-id=\"4207011\" data-element_type=\"section\" data-settings=\"{&quot;stretch_section&quot;:&quot;section-stretched&quot;}\">\n\t\t\t\t\t\t<div class=\"elementor-container elementor-column-gap-default\">\n\t\t\t\t\t<div class=\"elementor-column elementor-col-100 elementor-top-column elementor-element elementor-element-98a64ff\" data-id=\"98a64ff\" data-element_type=\"column\">\n\t\t\t<div class=\"elementor-widget-wrap elementor-element-populated\">\n\t\t\t\t\t\t<div class=\"elementor-element elementor-element-2463e3f elementor-widget elementor-widget-image\" data-id=\"2463e3f\" data-element_type=\"widget\" data-widget_type=\"image.default\">\n\t\t\t\t<div class=\"elementor-widget-container\">\n\t\t\t\t\t\t\t\t\t\t\t\t\t\t\t<img fetchpriority=\"high\" decoding=\"async\" width=\"1024\" height=\"119\" src=\"https:\/\/embalajeshegoalde.com\/wp-content\/uploads\/2025\/03\/footer-kit-digital-embalajes-hegoalde-bilbao-vizcaya.png\" class=\"attachment-large size-large wp-image-3137\" alt=\"Footer de Embalajes Hegoalde con logos de Kit Digital, Gobierno de Espa\u00f1a y Uni\u00f3n Europea\" srcset=\"https:\/\/embalajeshegoalde.com\/wp-content\/uploads\/2025\/03\/footer-kit-digital-embalajes-hegoalde-bilbao-vizcaya.png 1024w, https:\/\/embalajeshegoalde.com\/wp-content\/uploads\/2025\/03\/footer-kit-digital-embalajes-hegoalde-bilbao-vizcaya-300x35.png 300w, https:\/\/embalajeshegoalde.com\/wp-content\/uploads\/2025\/03\/footer-kit-digital-embalajes-hegoalde-bilbao-vizcaya-768x89.png 768w\" sizes=\"(max-width: 1024px) 100vw, 1024px\" \/>\t\t\t\t\t\t\t\t\t\t\t\t\t\t\t<\/div>\n\t\t\t\t<\/div>\n\t\t\t\t<section class=\"elementor-section elementor-inner-section elementor-element elementor-element-1bbadd4 elementor-section-boxed elementor-section-height-default elementor-section-height-default\" data-id=\"1bbadd4\" data-element_type=\"section\">\n\t\t\t\t\t\t<div class=\"elementor-container elementor-column-gap-default\">\n\t\t\t\t\t<div class=\"elementor-column elementor-col-25 elementor-inner-column elementor-element elementor-element-c54bc3f\" data-id=\"c54bc3f\" data-element_type=\"column\">\n\t\t\t<div class=\"elementor-widget-wrap elementor-element-populated\">\n\t\t\t\t\t\t<div class=\"elementor-element elementor-element-98ed388 elementor-widget elementor-widget-text-editor\" data-id=\"98ed388\" data-element_type=\"widget\" data-widget_type=\"text-editor.default\">\n\t\t\t\t<div class=\"elementor-widget-container\">\n\t\t\t\t\t\t\t\t\t<p><a href=\"https:\/\/embalajeshegoalde.com\/eu\/pribatutasun-politika\/\" target=\"_blank\" rel=\"noopener\">Pribatutasun-politika<\/a><\/p>\t\t\t\t\t\t\t\t<\/div>\n\t\t\t\t<\/div>\n\t\t\t\t\t<\/div>\n\t\t<\/div>\n\t\t\t\t<div class=\"elementor-column elementor-col-25 elementor-inner-column elementor-element elementor-element-73cc7a5\" data-id=\"73cc7a5\" data-element_type=\"column\">\n\t\t\t<div class=\"elementor-widget-wrap elementor-element-populated\">\n\t\t\t\t\t\t<div class=\"elementor-element elementor-element-2749099 elementor-widget elementor-widget-text-editor\" data-id=\"2749099\" data-element_type=\"widget\" data-widget_type=\"text-editor.default\">\n\t\t\t\t<div class=\"elementor-widget-container\">\n\t\t\t\t\t\t\t\t\t<p><a href=\"https:\/\/embalajeshegoalde.com\/eu\/lege-oharra\/\" target=\"_blank\" rel=\"noopener\">Lege-oharra<\/a><\/p>\t\t\t\t\t\t\t\t<\/div>\n\t\t\t\t<\/div>\n\t\t\t\t\t<\/div>\n\t\t<\/div>\n\t\t\t\t<div class=\"elementor-column elementor-col-25 elementor-inner-column elementor-element elementor-element-6fa70a7\" data-id=\"6fa70a7\" data-element_type=\"column\">\n\t\t\t<div class=\"elementor-widget-wrap elementor-element-populated\">\n\t\t\t\t\t\t<div class=\"elementor-element elementor-element-fdd30b6 elementor-widget elementor-widget-text-editor\" data-id=\"fdd30b6\" data-element_type=\"widget\" data-widget_type=\"text-editor.default\">\n\t\t\t\t<div class=\"elementor-widget-container\">\n\t\t\t\t\t\t\t\t\t<p><a href=\"https:\/\/embalajeshegoalde.com\/eu\/cookie-politika\/\" target=\"_blank\" rel=\"noopener\">Cookie-politika<\/a><\/p>\t\t\t\t\t\t\t\t<\/div>\n\t\t\t\t<\/div>\n\t\t\t\t\t<\/div>\n\t\t<\/div>\n\t\t\t\t<div class=\"elementor-column elementor-col-25 elementor-inner-column elementor-element elementor-element-8d37103\" data-id=\"8d37103\" data-element_type=\"column\">\n\t\t\t<div class=\"elementor-widget-wrap elementor-element-populated\">\n\t\t\t\t\t\t<div class=\"elementor-element elementor-element-2237f4a elementor-widget elementor-widget-text-editor\" data-id=\"2237f4a\" data-element_type=\"widget\" data-widget_type=\"text-editor.default\">\n\t\t\t\t<div class=\"elementor-widget-container\">\n\t\t\t\t\t\t\t\t\t<p><a href=\"https:\/\/embalajeshegoalde.com\/eu\/erabilgarritasun-adierazpena\/\" target=\"_blank\" rel=\"noopener\">Erabilgarritasun adierazpena<\/a><\/p>\t\t\t\t\t\t\t\t<\/div>\n\t\t\t\t<\/div>\n\t\t\t\t\t<\/div>\n\t\t<\/div>\n\t\t\t\t\t<\/div>\n\t\t<\/section>\n\t\t\t\t<section class=\"elementor-section elementor-inner-section elementor-element elementor-element-d1fac6f elementor-section-boxed elementor-section-height-default elementor-section-height-default\" data-id=\"d1fac6f\" data-element_type=\"section\">\n\t\t\t\t\t\t<div class=\"elementor-container elementor-column-gap-default\">\n\t\t\t\t\t<div class=\"elementor-column elementor-col-100 elementor-inner-column elementor-element elementor-element-2f5353b\" data-id=\"2f5353b\" data-element_type=\"column\">\n\t\t\t<div class=\"elementor-widget-wrap elementor-element-populated\">\n\t\t\t\t\t\t<div class=\"elementor-element elementor-element-5b342b4 elementor-widget elementor-widget-heading\" data-id=\"5b342b4\" data-element_type=\"widget\" data-widget_type=\"heading.default\">\n\t\t\t\t<div class=\"elementor-widget-container\">\n\t\t\t\t\t<h2 class=\"elementor-heading-title elementor-size-default\">\u00a9 Copyright \u2013 2023 Webgunea eta SEO ViteMarketing-en eskutik\n<\/h2>\t\t\t\t<\/div>\n\t\t\t\t<\/div>\n\t\t\t\t\t<\/div>\n\t\t<\/div>\n\t\t\t\t\t<\/div>\n\t\t<\/section>\n\t\t\t\t\t<\/div>\n\t\t<\/div>\n\t\t\t\t\t<\/div>\n\t\t<\/footer>\n\t\t\t\t<\/div>\n\t\t","protected":false},"excerpt":{"rendered":"<p>LEGE-OHARRA INFORMAZIO LEGALA Atal honetan erabiltzaileak ezagutu beharko dituen webgune honetako sarbide- eta erabilera-baldintzei buruzko informazioa jasotzen da, Informazioaren Gizartearen&#8230;<\/p>\n","protected":false},"author":3,"featured_media":0,"parent":0,"menu_order":8,"comment_status":"closed","ping_status":"closed","template":"","meta":{"footnotes":""},"class_list":["post-3461","page","type-page","status-publish"],"yoast_head":"<!-- This site is optimized with the Yoast SEO Premium plugin v20.11 (Yoast SEO v25.6) - https:\/\/yoast.com\/wordpress\/plugins\/seo\/ -->\n<title>Lege-oharra &#8212; Embalajes de Madera en Bilbao \u2013 Bizkaia \u2013 Pa\u00eds Vasco \u2013 Embalajes Hegoalde<\/title>\n<meta name=\"robots\" content=\"index, follow, max-snippet:-1, max-image-preview:large, max-video-preview:-1\" \/>\n<link rel=\"canonical\" href=\"https:\/\/embalajeshegoalde.com\/eu\/lege-oharra\/\" \/>\n<meta property=\"og:locale\" content=\"eu_ES\" \/>\n<meta property=\"og:type\" content=\"article\" \/>\n<meta property=\"og:title\" content=\"Lege-oharra\" \/>\n<meta property=\"og:description\" content=\"LEGE-OHARRA INFORMAZIO LEGALA Atal honetan erabiltzaileak ezagutu beharko dituen webgune honetako sarbide- eta erabilera-baldintzei buruzko informazioa jasotzen da, Informazioaren Gizartearen...\" \/>\n<meta property=\"og:url\" content=\"https:\/\/embalajeshegoalde.com\/eu\/lege-oharra\/\" \/>\n<meta property=\"og:site_name\" content=\"Embalajes de Madera en Bilbao \u2013 Bizkaia \u2013 Pa\u00eds Vasco \u2013 Embalajes Hegoalde\" \/>\n<meta property=\"article:modified_time\" content=\"2025-03-22T13:24:07+00:00\" \/>\n<meta property=\"og:image\" content=\"https:\/\/embalajeshegoalde.com\/wp-content\/uploads\/2025\/03\/footer-kit-digital-embalajes-hegoalde-bilbao-vizcaya.png\" \/>\n<meta name=\"twitter:card\" content=\"summary_large_image\" \/>\n<meta name=\"twitter:label1\" content=\"Est. reading time\" \/>\n\t<meta name=\"twitter:data1\" content=\"5 minutes\" \/>\n<script type=\"application\/ld+json\" class=\"yoast-schema-graph\">{\"@context\":\"https:\/\/schema.org\",\"@graph\":[{\"@type\":\"WebPage\",\"@id\":\"https:\/\/embalajeshegoalde.com\/eu\/lege-oharra\/\",\"url\":\"https:\/\/embalajeshegoalde.com\/eu\/lege-oharra\/\",\"name\":\"Lege-oharra &#8212; Embalajes de Madera en Bilbao \u2013 Bizkaia \u2013 Pa\u00eds Vasco \u2013 Embalajes Hegoalde\",\"isPartOf\":{\"@id\":\"https:\/\/embalajeshegoalde.com\/eu\/#website\"},\"primaryImageOfPage\":{\"@id\":\"https:\/\/embalajeshegoalde.com\/eu\/lege-oharra\/#primaryimage\"},\"image\":{\"@id\":\"https:\/\/embalajeshegoalde.com\/eu\/lege-oharra\/#primaryimage\"},\"thumbnailUrl\":\"https:\/\/embalajeshegoalde.com\/wp-content\/uploads\/2025\/03\/footer-kit-digital-embalajes-hegoalde-bilbao-vizcaya.png\",\"datePublished\":\"2025-03-22T12:28:03+00:00\",\"dateModified\":\"2025-03-22T13:24:07+00:00\",\"breadcrumb\":{\"@id\":\"https:\/\/embalajeshegoalde.com\/eu\/lege-oharra\/#breadcrumb\"},\"inLanguage\":\"eu-ES\",\"potentialAction\":[{\"@type\":\"ReadAction\",\"target\":[\"https:\/\/embalajeshegoalde.com\/eu\/lege-oharra\/\"]}]},{\"@type\":\"ImageObject\",\"inLanguage\":\"eu-ES\",\"@id\":\"https:\/\/embalajeshegoalde.com\/eu\/lege-oharra\/#primaryimage\",\"url\":\"https:\/\/embalajeshegoalde.com\/wp-content\/uploads\/2025\/03\/footer-kit-digital-embalajes-hegoalde-bilbao-vizcaya.png\",\"contentUrl\":\"https:\/\/embalajeshegoalde.com\/wp-content\/uploads\/2025\/03\/footer-kit-digital-embalajes-hegoalde-bilbao-vizcaya.png\"},{\"@type\":\"BreadcrumbList\",\"@id\":\"https:\/\/embalajeshegoalde.com\/eu\/lege-oharra\/#breadcrumb\",\"itemListElement\":[{\"@type\":\"ListItem\",\"position\":1,\"name\":\"Home\",\"item\":\"https:\/\/embalajeshegoalde.com\/eu\/\"},{\"@type\":\"ListItem\",\"position\":2,\"name\":\"Lege-oharra\"}]},{\"@type\":\"WebSite\",\"@id\":\"https:\/\/embalajeshegoalde.com\/eu\/#website\",\"url\":\"https:\/\/embalajeshegoalde.com\/eu\/\",\"name\":\"Embalajes de Madera en Bilbao \u2013 Bizkaia \u2013 Pa\u00eds Vasco \u2013 Embalajes Hegoalde\",\"description\":\"Embalajes Hegoalde es especialista en embalajes de madera a medida en Loiu, junto al aeropuerto de Bilbao (Bizkaia). Fabricamos cajas, jaulas y bases de madera certificada para env\u00edos terrestres, mar\u00edtimos y a\u00e9reos, sin l\u00edmite de peso ni medida. Ofrecemos servicios de trincaje de contenedores, embalaje in situ, log\u00edstica, manipulaci\u00f3n y transporte para maquinaria, bienes de equipo y mercanc\u00eda fr\u00e1gil. Contamos con certificados ISO 9001 y NIMF 15, que garantizan calidad, seguridad y cumplimiento de normativas internacionales en el Pa\u00eds Vasco y resto de Espa\u00f1a.\",\"publisher\":{\"@id\":\"https:\/\/embalajeshegoalde.com\/eu\/#organization\"},\"potentialAction\":[{\"@type\":\"SearchAction\",\"target\":{\"@type\":\"EntryPoint\",\"urlTemplate\":\"https:\/\/embalajeshegoalde.com\/eu\/?s={search_term_string}\"},\"query-input\":{\"@type\":\"PropertyValueSpecification\",\"valueRequired\":true,\"valueName\":\"search_term_string\"}}],\"inLanguage\":\"eu-ES\"},{\"@type\":\"Organization\",\"@id\":\"https:\/\/embalajeshegoalde.com\/eu\/#organization\",\"name\":\"Embalajes Hegoalde\",\"url\":\"https:\/\/embalajeshegoalde.com\/eu\/\",\"logo\":{\"@type\":\"ImageObject\",\"inLanguage\":\"eu-ES\",\"@id\":\"https:\/\/embalajeshegoalde.com\/eu\/#\/schema\/logo\/image\/\",\"url\":\"https:\/\/embalajeshegoalde.com\/wp-content\/uploads\/2025\/03\/logo-embalajes-hegoalde-bilbao-vizcaya.png\",\"contentUrl\":\"https:\/\/embalajeshegoalde.com\/wp-content\/uploads\/2025\/03\/logo-embalajes-hegoalde-bilbao-vizcaya.png\",\"width\":800,\"height\":478,\"caption\":\"Embalajes Hegoalde\"},\"image\":{\"@id\":\"https:\/\/embalajeshegoalde.com\/eu\/#\/schema\/logo\/image\/\"},\"sameAs\":[\"https:\/\/share.google\/hJv8fkAaDjwKW8hoG\"]}]}<\/script>\n<!-- \/ Yoast SEO Premium plugin. -->","yoast_head_json":{"title":"Lege-oharra &#8212; Embalajes de Madera en Bilbao \u2013 Bizkaia \u2013 Pa\u00eds Vasco \u2013 Embalajes Hegoalde","robots":{"index":"index","follow":"follow","max-snippet":"max-snippet:-1","max-image-preview":"max-image-preview:large","max-video-preview":"max-video-preview:-1"},"canonical":"https:\/\/embalajeshegoalde.com\/eu\/lege-oharra\/","og_locale":"eu_ES","og_type":"article","og_title":"Lege-oharra","og_description":"LEGE-OHARRA INFORMAZIO LEGALA Atal honetan erabiltzaileak ezagutu beharko dituen webgune honetako sarbide- eta erabilera-baldintzei buruzko informazioa jasotzen da, Informazioaren Gizartearen...","og_url":"https:\/\/embalajeshegoalde.com\/eu\/lege-oharra\/","og_site_name":"Embalajes de Madera en Bilbao \u2013 Bizkaia \u2013 Pa\u00eds Vasco \u2013 Embalajes Hegoalde","article_modified_time":"2025-03-22T13:24:07+00:00","og_image":[{"url":"https:\/\/embalajeshegoalde.com\/wp-content\/uploads\/2025\/03\/footer-kit-digital-embalajes-hegoalde-bilbao-vizcaya.png","type":"","width":"","height":""}],"twitter_card":"summary_large_image","twitter_misc":{"Est. reading time":"5 minutes"},"schema":{"@context":"https:\/\/schema.org","@graph":[{"@type":"WebPage","@id":"https:\/\/embalajeshegoalde.com\/eu\/lege-oharra\/","url":"https:\/\/embalajeshegoalde.com\/eu\/lege-oharra\/","name":"Lege-oharra &#8212; Embalajes de Madera en Bilbao \u2013 Bizkaia \u2013 Pa\u00eds Vasco \u2013 Embalajes Hegoalde","isPartOf":{"@id":"https:\/\/embalajeshegoalde.com\/eu\/#website"},"primaryImageOfPage":{"@id":"https:\/\/embalajeshegoalde.com\/eu\/lege-oharra\/#primaryimage"},"image":{"@id":"https:\/\/embalajeshegoalde.com\/eu\/lege-oharra\/#primaryimage"},"thumbnailUrl":"https:\/\/embalajeshegoalde.com\/wp-content\/uploads\/2025\/03\/footer-kit-digital-embalajes-hegoalde-bilbao-vizcaya.png","datePublished":"2025-03-22T12:28:03+00:00","dateModified":"2025-03-22T13:24:07+00:00","breadcrumb":{"@id":"https:\/\/embalajeshegoalde.com\/eu\/lege-oharra\/#breadcrumb"},"inLanguage":"eu-ES","potentialAction":[{"@type":"ReadAction","target":["https:\/\/embalajeshegoalde.com\/eu\/lege-oharra\/"]}]},{"@type":"ImageObject","inLanguage":"eu-ES","@id":"https:\/\/embalajeshegoalde.com\/eu\/lege-oharra\/#primaryimage","url":"https:\/\/embalajeshegoalde.com\/wp-content\/uploads\/2025\/03\/footer-kit-digital-embalajes-hegoalde-bilbao-vizcaya.png","contentUrl":"https:\/\/embalajeshegoalde.com\/wp-content\/uploads\/2025\/03\/footer-kit-digital-embalajes-hegoalde-bilbao-vizcaya.png"},{"@type":"BreadcrumbList","@id":"https:\/\/embalajeshegoalde.com\/eu\/lege-oharra\/#breadcrumb","itemListElement":[{"@type":"ListItem","position":1,"name":"Home","item":"https:\/\/embalajeshegoalde.com\/eu\/"},{"@type":"ListItem","position":2,"name":"Lege-oharra"}]},{"@type":"WebSite","@id":"https:\/\/embalajeshegoalde.com\/eu\/#website","url":"https:\/\/embalajeshegoalde.com\/eu\/","name":"Embalajes de Madera en Bilbao \u2013 Bizkaia \u2013 Pa\u00eds Vasco \u2013 Embalajes Hegoalde","description":"Embalajes Hegoalde es especialista en embalajes de madera a medida en Loiu, junto al aeropuerto de Bilbao (Bizkaia). Fabricamos cajas, jaulas y bases de madera certificada para env\u00edos terrestres, mar\u00edtimos y a\u00e9reos, sin l\u00edmite de peso ni medida. Ofrecemos servicios de trincaje de contenedores, embalaje in situ, log\u00edstica, manipulaci\u00f3n y transporte para maquinaria, bienes de equipo y mercanc\u00eda fr\u00e1gil. Contamos con certificados ISO 9001 y NIMF 15, que garantizan calidad, seguridad y cumplimiento de normativas internacionales en el Pa\u00eds Vasco y resto de Espa\u00f1a.","publisher":{"@id":"https:\/\/embalajeshegoalde.com\/eu\/#organization"},"potentialAction":[{"@type":"SearchAction","target":{"@type":"EntryPoint","urlTemplate":"https:\/\/embalajeshegoalde.com\/eu\/?s={search_term_string}"},"query-input":{"@type":"PropertyValueSpecification","valueRequired":true,"valueName":"search_term_string"}}],"inLanguage":"eu-ES"},{"@type":"Organization","@id":"https:\/\/embalajeshegoalde.com\/eu\/#organization","name":"Embalajes Hegoalde","url":"https:\/\/embalajeshegoalde.com\/eu\/","logo":{"@type":"ImageObject","inLanguage":"eu-ES","@id":"https:\/\/embalajeshegoalde.com\/eu\/#\/schema\/logo\/image\/","url":"https:\/\/embalajeshegoalde.com\/wp-content\/uploads\/2025\/03\/logo-embalajes-hegoalde-bilbao-vizcaya.png","contentUrl":"https:\/\/embalajeshegoalde.com\/wp-content\/uploads\/2025\/03\/logo-embalajes-hegoalde-bilbao-vizcaya.png","width":800,"height":478,"caption":"Embalajes Hegoalde"},"image":{"@id":"https:\/\/embalajeshegoalde.com\/eu\/#\/schema\/logo\/image\/"},"sameAs":["https:\/\/share.google\/hJv8fkAaDjwKW8hoG"]}]}},"_links":{"self":[{"href":"https:\/\/embalajeshegoalde.com\/eu\/wp-json\/wp\/v2\/pages\/3461","targetHints":{"allow":["GET"]}}],"collection":[{"href":"https:\/\/embalajeshegoalde.com\/eu\/wp-json\/wp\/v2\/pages"}],"about":[{"href":"https:\/\/embalajeshegoalde.com\/eu\/wp-json\/wp\/v2\/types\/page"}],"author":[{"embeddable":true,"href":"https:\/\/embalajeshegoalde.com\/eu\/wp-json\/wp\/v2\/users\/3"}],"replies":[{"embeddable":true,"href":"https:\/\/embalajeshegoalde.com\/eu\/wp-json\/wp\/v2\/comments?post=3461"}],"version-history":[{"count":16,"href":"https:\/\/embalajeshegoalde.com\/eu\/wp-json\/wp\/v2\/pages\/3461\/revisions"}],"predecessor-version":[{"id":3574,"href":"https:\/\/embalajeshegoalde.com\/eu\/wp-json\/wp\/v2\/pages\/3461\/revisions\/3574"}],"wp:attachment":[{"href":"https:\/\/embalajeshegoalde.com\/eu\/wp-json\/wp\/v2\/media?parent=3461"}],"curies":[{"name":"wp","href":"https:\/\/api.w.org\/{rel}","templated":true}]}}