{"id":3391,"date":"2023-06-26T09:07:12","date_gmt":"2023-06-26T07:07:12","guid":{"rendered":"https:\/\/embalajeshegoalde.com\/?page_id=3391"},"modified":"2025-03-22T15:24:13","modified_gmt":"2025-03-22T13:24:13","slug":"pribatutasun-politika","status":"publish","type":"page","link":"https:\/\/embalajeshegoalde.com\/eu\/pribatutasun-politika\/","title":{"rendered":"Pribatutasun-politika"},"content":{"rendered":"\t\t<div data-elementor-type=\"wp-page\" data-elementor-id=\"3391\" class=\"elementor elementor-3391 elementor-1675\">\n\t\t\t\t\t\t<section class=\"elementor-section elementor-top-section elementor-element elementor-element-911a9eb elementor-section-boxed elementor-section-height-default elementor-section-height-default\" data-id=\"911a9eb\" data-element_type=\"section\">\n\t\t\t\t\t\t<div class=\"elementor-container elementor-column-gap-default\">\n\t\t\t\t\t<div class=\"elementor-column elementor-col-100 elementor-top-column elementor-element elementor-element-39d3d49\" data-id=\"39d3d49\" data-element_type=\"column\">\n\t\t\t<div class=\"elementor-widget-wrap elementor-element-populated\">\n\t\t\t\t\t\t<div class=\"elementor-element elementor-element-28f78f6 elementor-widget elementor-widget-heading\" data-id=\"28f78f6\" data-element_type=\"widget\" data-widget_type=\"heading.default\">\n\t\t\t\t<div class=\"elementor-widget-container\">\n\t\t\t\t\t<h1 class=\"elementor-heading-title elementor-size-default\">PRIBATUTASUN-POLITIKA<\/h1>\t\t\t\t<\/div>\n\t\t\t\t<\/div>\n\t\t\t\t<div class=\"elementor-element elementor-element-829b4ee elementor-widget elementor-widget-text-editor\" data-id=\"829b4ee\" data-element_type=\"widget\" data-widget_type=\"text-editor.default\">\n\t\t\t\t<div class=\"elementor-widget-container\">\n\t\t\t\t\t\t\t\t\t<p style=\"text-align: left;\">Gure Erakundean, gure protokoloak eta pribatutasun-politikak Datuen Babeserako Europako Erregelamendura (679\/2016 &#8211; RGPD) eta Datu Pertsonalen Babeserako eta Eskubide Digitalen Bermerako 2018ko abenduaren 5eko 3\/LO Lege Organikora egokitu ditugu, lantzen ditugun datuen segurtasuna eta babesa guretzat lehentasuna direlako.<\/p><p style=\"text-align: left;\"><b>NOR DA DATUEN TRATAMENDUAREN ARDURADUNA<br \/><\/b>EMBALAJES HEGOALDE SL, helbidea BERRETEAGA BIDEA, 19 \u2013 PAB. 16, 48180 LOIU-BIZKAIA duen enpresa da zure datuen tratamendu egokiaren arduraduna. Tratamendu honi buruzko kontsultak honako helbidean egin ditzakezu: embalajes@embalajeshegoalde.com<\/p><p style=\"text-align: left;\"><b>ZERGATIK ERABILTZEN DITUGU ZURE DATUAK<\/b><\/p><p style=\"text-align: left;\">EMBALAJES HEGOALDE SL-n interesdunek emandako informazioa honako helburu hauetarako erabiltzen dugu:<\/p><ul style=\"text-align: left;\"><li>Eskaintzen ditugun produktu eta zerbitzu profesionalekin lotutako eskaerak kudeatu eta tramitatzea.<\/li><\/ul><p style=\"text-align: left;\"><b>ZER OINARRI LEGAL DU DATUEN TRATAMENDUAK<br \/><\/b>Emandako datuen erabilera, zure baimenaren bidez, erabiltzaileekiko harremanen kudeaketa egokia egiteko beharrezkoa da, eta gainera, legezko betebeharrak betetzeko. Edozein unetan zure datuak erabiltzeko aurka egin dezakezu, eta, beraz, edozein kudeaketa baliogabetu ahal izango duzu; hala ere, zure datuak blokeatuta mantenduko dira legez ezarritako epean zehar.<br \/>Baimena ez emateak eskaintzen dizkizugun zerbitzuak eman ezin izatea ekar dezake.<\/p><p style=\"text-align: left;\"><b>DATUEN KOMUNIKAZIOA<br \/><\/b>Hasiera batean, datuak ez dira lagako legezko betebeharra dagoenean izan ezik. Hala ere, zure datuak zerbitzu-emaileekin partekatuko ditugu, laguntza ematen digutenekin edo lankidetza-akordioak ditugun kanpoko kolaboratzaileekin.<\/p><p style=\"text-align: left;\"><b>DATUEN KONTSERBAZIOA<br \/><\/b>Zure datu pertsonalak helburua betetzeko beharrezkoa den denboran baino ez ditugu gordeko, kontratu-harremana mantentzen dugun bitartean, legezko betebeharren bat dagoen bitartean edo zuk zure eskubideetako bat erabiltzen ez duzun arte.<\/p><p style=\"text-align: left;\"><b>NOLA ERABILI DITZAZKEZU ZURE ESKUBIDEAK<br \/><\/b><\/p><p style=\"text-align: left;\">Datuen titular gisa, zure datuen kontrola daukazu eta, beraz, edozein unetan eskubide hauek erabil ditzakezu, helbide honetan posta elektronikoz idatziz: embalajes@embalajeshegoalde.com<\/p><p style=\"text-align: left;\">Erabili ditzakezun eskubideak hauek dira:<\/p><ul style=\"text-align: left;\"><li>Sarbidea \u2013 Erakunde honek tratatzen dituen zure datu pertsonalak kontsultatu ahal izango dituzu.<\/li><li>Zuzentzea \u2013 Zure datu pertsonalak akatsak badituzte, zuzentzeko eskubidea izango duzu.<\/li><li>Ezabatzea \u2013 Zure datu pertsonalak ezabatzeko eskatu ahal izango duzu.<\/li><li>Aurkaratzea \u2013 Zure datu pertsonaletako batzuk ez tratatzeko eskatu ahal izango duzu.<\/li><li>Tratamenduaren mugatzea \u2013 Zure datu pertsonalen tratamendua mugatzeko eskatu ahal izango duzu egoera jakin batzuetan.<\/li><li>Eramangarritasuna \u2013 Emandako datu pertsonalak jasotzeko edo beste erakunde batera transmititzeko eskubidea izango duzu.<\/li><\/ul><p style=\"text-align: left;\">Erabiltzaileei jakinarazten zaie edozein unetan baimena kentzeko eskubidea dutela, eta horrek ez duela eraginik izango baimena kendu aurretik egindako tratamenduaren zilegitasunean. Halaber, interesdunei jakinarazten zaie Datuen Babeserako Agintaritza eskudunaren aurrean erreklamazioa aurkezteko eskubidea dutela, batez ere beren eskubideak baliatzean asebetetzerik lortu ez badute.<br \/>Zure eskubideak baliatzeko, eskaerari NANaren kopia edo nortasuna egiaztatzeko beste dokumentu bat erantsi behar diozu.<\/p>\t\t\t\t\t\t\t\t<\/div>\n\t\t\t\t<\/div>\n\t\t\t\t\t<\/div>\n\t\t<\/div>\n\t\t\t\t\t<\/div>\n\t\t<\/section>\n\t\t\t\t<footer class=\"elementor-section elementor-top-section elementor-element elementor-element-984dced elementor-section-full_width elementor-section-stretched elementor-section-height-default elementor-section-height-default\" data-id=\"984dced\" data-element_type=\"section\" data-settings=\"{&quot;stretch_section&quot;:&quot;section-stretched&quot;}\">\n\t\t\t\t\t\t<div class=\"elementor-container elementor-column-gap-default\">\n\t\t\t\t\t<div class=\"elementor-column elementor-col-100 elementor-top-column elementor-element elementor-element-7df7edd\" data-id=\"7df7edd\" data-element_type=\"column\">\n\t\t\t<div class=\"elementor-widget-wrap elementor-element-populated\">\n\t\t\t\t\t\t<div class=\"elementor-element elementor-element-9c6490f elementor-widget elementor-widget-image\" data-id=\"9c6490f\" data-element_type=\"widget\" data-widget_type=\"image.default\">\n\t\t\t\t<div class=\"elementor-widget-container\">\n\t\t\t\t\t\t\t\t\t\t\t\t\t\t\t<img fetchpriority=\"high\" decoding=\"async\" width=\"1024\" height=\"119\" src=\"https:\/\/embalajeshegoalde.com\/wp-content\/uploads\/2025\/03\/footer-kit-digital-embalajes-hegoalde-bilbao-vizcaya.png\" class=\"attachment-large size-large wp-image-3137\" alt=\"Footer de Embalajes Hegoalde con logos de Kit Digital, Gobierno de Espa\u00f1a y Uni\u00f3n Europea\" srcset=\"https:\/\/embalajeshegoalde.com\/wp-content\/uploads\/2025\/03\/footer-kit-digital-embalajes-hegoalde-bilbao-vizcaya.png 1024w, https:\/\/embalajeshegoalde.com\/wp-content\/uploads\/2025\/03\/footer-kit-digital-embalajes-hegoalde-bilbao-vizcaya-300x35.png 300w, https:\/\/embalajeshegoalde.com\/wp-content\/uploads\/2025\/03\/footer-kit-digital-embalajes-hegoalde-bilbao-vizcaya-768x89.png 768w\" sizes=\"(max-width: 1024px) 100vw, 1024px\" \/>\t\t\t\t\t\t\t\t\t\t\t\t\t\t\t<\/div>\n\t\t\t\t<\/div>\n\t\t\t\t<section class=\"elementor-section elementor-inner-section elementor-element elementor-element-ca9b845 elementor-section-boxed elementor-section-height-default elementor-section-height-default\" data-id=\"ca9b845\" data-element_type=\"section\">\n\t\t\t\t\t\t<div class=\"elementor-container elementor-column-gap-default\">\n\t\t\t\t\t<div class=\"elementor-column elementor-col-25 elementor-inner-column elementor-element elementor-element-a703fde\" data-id=\"a703fde\" data-element_type=\"column\">\n\t\t\t<div class=\"elementor-widget-wrap elementor-element-populated\">\n\t\t\t\t\t\t<div class=\"elementor-element elementor-element-d5562f7 elementor-widget elementor-widget-text-editor\" data-id=\"d5562f7\" data-element_type=\"widget\" data-widget_type=\"text-editor.default\">\n\t\t\t\t<div class=\"elementor-widget-container\">\n\t\t\t\t\t\t\t\t\t<p><a href=\"https:\/\/embalajeshegoalde.com\/eu\/pribatutasun-politika\/\" target=\"_blank\" rel=\"noopener\">Pribatutasun-politika<\/a><\/p>\t\t\t\t\t\t\t\t<\/div>\n\t\t\t\t<\/div>\n\t\t\t\t\t<\/div>\n\t\t<\/div>\n\t\t\t\t<div class=\"elementor-column elementor-col-25 elementor-inner-column elementor-element elementor-element-ee702f3\" data-id=\"ee702f3\" data-element_type=\"column\">\n\t\t\t<div class=\"elementor-widget-wrap elementor-element-populated\">\n\t\t\t\t\t\t<div class=\"elementor-element elementor-element-5ab8c4c elementor-widget elementor-widget-text-editor\" data-id=\"5ab8c4c\" data-element_type=\"widget\" data-widget_type=\"text-editor.default\">\n\t\t\t\t<div class=\"elementor-widget-container\">\n\t\t\t\t\t\t\t\t\t<p><a href=\"https:\/\/embalajeshegoalde.com\/eu\/lege-oharra\/\" target=\"_blank\" rel=\"noopener\">Lege-oharra<\/a><\/p>\t\t\t\t\t\t\t\t<\/div>\n\t\t\t\t<\/div>\n\t\t\t\t\t<\/div>\n\t\t<\/div>\n\t\t\t\t<div class=\"elementor-column elementor-col-25 elementor-inner-column elementor-element elementor-element-c7d996e\" data-id=\"c7d996e\" data-element_type=\"column\">\n\t\t\t<div class=\"elementor-widget-wrap elementor-element-populated\">\n\t\t\t\t\t\t<div class=\"elementor-element elementor-element-0b24f92 elementor-widget elementor-widget-text-editor\" data-id=\"0b24f92\" data-element_type=\"widget\" data-widget_type=\"text-editor.default\">\n\t\t\t\t<div class=\"elementor-widget-container\">\n\t\t\t\t\t\t\t\t\t<p><a href=\"https:\/\/embalajeshegoalde.com\/eu\/cookie-politika\/\" target=\"_blank\" rel=\"noopener\">Cookie-politika<\/a><\/p>\t\t\t\t\t\t\t\t<\/div>\n\t\t\t\t<\/div>\n\t\t\t\t\t<\/div>\n\t\t<\/div>\n\t\t\t\t<div class=\"elementor-column elementor-col-25 elementor-inner-column elementor-element elementor-element-2a6cf9c\" data-id=\"2a6cf9c\" data-element_type=\"column\">\n\t\t\t<div class=\"elementor-widget-wrap elementor-element-populated\">\n\t\t\t\t\t\t<div class=\"elementor-element elementor-element-84f4094 elementor-widget elementor-widget-text-editor\" data-id=\"84f4094\" data-element_type=\"widget\" data-widget_type=\"text-editor.default\">\n\t\t\t\t<div class=\"elementor-widget-container\">\n\t\t\t\t\t\t\t\t\t<p><a href=\"https:\/\/embalajeshegoalde.com\/eu\/erabilgarritasun-adierazpena\/\" target=\"_blank\" rel=\"noopener\">Erabilgarritasun adierazpena<\/a><\/p>\t\t\t\t\t\t\t\t<\/div>\n\t\t\t\t<\/div>\n\t\t\t\t\t<\/div>\n\t\t<\/div>\n\t\t\t\t\t<\/div>\n\t\t<\/section>\n\t\t\t\t<section class=\"elementor-section elementor-inner-section elementor-element elementor-element-16d3757 elementor-section-boxed elementor-section-height-default elementor-section-height-default\" data-id=\"16d3757\" data-element_type=\"section\">\n\t\t\t\t\t\t<div class=\"elementor-container elementor-column-gap-default\">\n\t\t\t\t\t<div class=\"elementor-column elementor-col-100 elementor-inner-column elementor-element elementor-element-2405db6\" data-id=\"2405db6\" data-element_type=\"column\">\n\t\t\t<div class=\"elementor-widget-wrap elementor-element-populated\">\n\t\t\t\t\t\t<div class=\"elementor-element elementor-element-8753ef6 elementor-widget elementor-widget-heading\" data-id=\"8753ef6\" data-element_type=\"widget\" data-widget_type=\"heading.default\">\n\t\t\t\t<div class=\"elementor-widget-container\">\n\t\t\t\t\t<h2 class=\"elementor-heading-title elementor-size-default\">\u00a9 Copyright \u2013 2023 Webgunea eta SEO ViteMarketing-en eskutik\n<\/h2>\t\t\t\t<\/div>\n\t\t\t\t<\/div>\n\t\t\t\t\t<\/div>\n\t\t<\/div>\n\t\t\t\t\t<\/div>\n\t\t<\/section>\n\t\t\t\t\t<\/div>\n\t\t<\/div>\n\t\t\t\t\t<\/div>\n\t\t<\/footer>\n\t\t\t\t<\/div>\n\t\t","protected":false},"excerpt":{"rendered":"<p>PRIBATUTASUN-POLITIKA Gure Erakundean, gure protokoloak eta pribatutasun-politikak Datuen Babeserako Europako Erregelamendura (679\/2016 &#8211; RGPD) eta Datu Pertsonalen Babeserako eta Eskubide&#8230;<\/p>\n","protected":false},"author":3,"featured_media":0,"parent":0,"menu_order":7,"comment_status":"closed","ping_status":"closed","template":"","meta":{"footnotes":""},"class_list":["post-3391","page","type-page","status-publish"],"yoast_head":"<!-- This site is optimized with the Yoast SEO Premium plugin v20.11 (Yoast SEO v25.6) - https:\/\/yoast.com\/wordpress\/plugins\/seo\/ -->\n<title>Pribatutasun-politika &#8212; Embalajes de Madera en Bilbao \u2013 Bizkaia \u2013 Pa\u00eds Vasco \u2013 Embalajes Hegoalde<\/title>\n<meta name=\"robots\" content=\"noindex, nofollow\" \/>\n<meta property=\"og:locale\" content=\"eu_ES\" \/>\n<meta property=\"og:type\" content=\"article\" \/>\n<meta property=\"og:title\" content=\"Pribatutasun-politika\" \/>\n<meta property=\"og:description\" content=\"PRIBATUTASUN-POLITIKA Gure Erakundean, gure protokoloak eta pribatutasun-politikak Datuen Babeserako Europako Erregelamendura (679\/2016 &#8211; RGPD) eta Datu Pertsonalen Babeserako eta Eskubide...\" \/>\n<meta property=\"og:url\" content=\"https:\/\/embalajeshegoalde.com\/eu\/pribatutasun-politika\/\" \/>\n<meta property=\"og:site_name\" content=\"Embalajes de Madera en Bilbao \u2013 Bizkaia \u2013 Pa\u00eds Vasco \u2013 Embalajes Hegoalde\" \/>\n<meta property=\"article:modified_time\" content=\"2025-03-22T13:24:13+00:00\" \/>\n<meta property=\"og:image\" content=\"https:\/\/embalajeshegoalde.com\/wp-content\/uploads\/2025\/03\/footer-kit-digital-embalajes-hegoalde-bilbao-vizcaya.png\" \/>\n<meta name=\"twitter:card\" content=\"summary_large_image\" \/>\n<meta name=\"twitter:label1\" content=\"Est. reading time\" \/>\n\t<meta name=\"twitter:data1\" content=\"3 minutes\" \/>\n<script type=\"application\/ld+json\" class=\"yoast-schema-graph\">{\"@context\":\"https:\/\/schema.org\",\"@graph\":[{\"@type\":\"WebPage\",\"@id\":\"https:\/\/embalajeshegoalde.com\/eu\/pribatutasun-politika\/\",\"url\":\"https:\/\/embalajeshegoalde.com\/eu\/pribatutasun-politika\/\",\"name\":\"Pribatutasun-politika &#8212; Embalajes de Madera en Bilbao \u2013 Bizkaia \u2013 Pa\u00eds Vasco \u2013 Embalajes Hegoalde\",\"isPartOf\":{\"@id\":\"https:\/\/embalajeshegoalde.com\/eu\/#website\"},\"primaryImageOfPage\":{\"@id\":\"https:\/\/embalajeshegoalde.com\/eu\/pribatutasun-politika\/#primaryimage\"},\"image\":{\"@id\":\"https:\/\/embalajeshegoalde.com\/eu\/pribatutasun-politika\/#primaryimage\"},\"thumbnailUrl\":\"https:\/\/embalajeshegoalde.com\/wp-content\/uploads\/2025\/03\/footer-kit-digital-embalajes-hegoalde-bilbao-vizcaya.png\",\"datePublished\":\"2023-06-26T07:07:12+00:00\",\"dateModified\":\"2025-03-22T13:24:13+00:00\",\"breadcrumb\":{\"@id\":\"https:\/\/embalajeshegoalde.com\/eu\/pribatutasun-politika\/#breadcrumb\"},\"inLanguage\":\"eu-ES\",\"potentialAction\":[{\"@type\":\"ReadAction\",\"target\":[\"https:\/\/embalajeshegoalde.com\/eu\/pribatutasun-politika\/\"]}]},{\"@type\":\"ImageObject\",\"inLanguage\":\"eu-ES\",\"@id\":\"https:\/\/embalajeshegoalde.com\/eu\/pribatutasun-politika\/#primaryimage\",\"url\":\"https:\/\/embalajeshegoalde.com\/wp-content\/uploads\/2025\/03\/footer-kit-digital-embalajes-hegoalde-bilbao-vizcaya.png\",\"contentUrl\":\"https:\/\/embalajeshegoalde.com\/wp-content\/uploads\/2025\/03\/footer-kit-digital-embalajes-hegoalde-bilbao-vizcaya.png\"},{\"@type\":\"BreadcrumbList\",\"@id\":\"https:\/\/embalajeshegoalde.com\/eu\/pribatutasun-politika\/#breadcrumb\",\"itemListElement\":[{\"@type\":\"ListItem\",\"position\":1,\"name\":\"Home\",\"item\":\"https:\/\/embalajeshegoalde.com\/eu\/\"},{\"@type\":\"ListItem\",\"position\":2,\"name\":\"Pribatutasun-politika\"}]},{\"@type\":\"WebSite\",\"@id\":\"https:\/\/embalajeshegoalde.com\/eu\/#website\",\"url\":\"https:\/\/embalajeshegoalde.com\/eu\/\",\"name\":\"Embalajes de Madera en Bilbao \u2013 Bizkaia \u2013 Pa\u00eds Vasco \u2013 Embalajes Hegoalde\",\"description\":\"Embalajes Hegoalde es especialista en embalajes de madera a medida en Loiu, junto al aeropuerto de Bilbao (Bizkaia). Fabricamos cajas, jaulas y bases de madera certificada para env\u00edos terrestres, mar\u00edtimos y a\u00e9reos, sin l\u00edmite de peso ni medida. Ofrecemos servicios de trincaje de contenedores, embalaje in situ, log\u00edstica, manipulaci\u00f3n y transporte para maquinaria, bienes de equipo y mercanc\u00eda fr\u00e1gil. Contamos con certificados ISO 9001 y NIMF 15, que garantizan calidad, seguridad y cumplimiento de normativas internacionales en el Pa\u00eds Vasco y resto de Espa\u00f1a.\",\"publisher\":{\"@id\":\"https:\/\/embalajeshegoalde.com\/eu\/#organization\"},\"potentialAction\":[{\"@type\":\"SearchAction\",\"target\":{\"@type\":\"EntryPoint\",\"urlTemplate\":\"https:\/\/embalajeshegoalde.com\/eu\/?s={search_term_string}\"},\"query-input\":{\"@type\":\"PropertyValueSpecification\",\"valueRequired\":true,\"valueName\":\"search_term_string\"}}],\"inLanguage\":\"eu-ES\"},{\"@type\":\"Organization\",\"@id\":\"https:\/\/embalajeshegoalde.com\/eu\/#organization\",\"name\":\"Embalajes Hegoalde\",\"url\":\"https:\/\/embalajeshegoalde.com\/eu\/\",\"logo\":{\"@type\":\"ImageObject\",\"inLanguage\":\"eu-ES\",\"@id\":\"https:\/\/embalajeshegoalde.com\/eu\/#\/schema\/logo\/image\/\",\"url\":\"https:\/\/embalajeshegoalde.com\/wp-content\/uploads\/2025\/03\/logo-embalajes-hegoalde-bilbao-vizcaya.png\",\"contentUrl\":\"https:\/\/embalajeshegoalde.com\/wp-content\/uploads\/2025\/03\/logo-embalajes-hegoalde-bilbao-vizcaya.png\",\"width\":800,\"height\":478,\"caption\":\"Embalajes Hegoalde\"},\"image\":{\"@id\":\"https:\/\/embalajeshegoalde.com\/eu\/#\/schema\/logo\/image\/\"},\"sameAs\":[\"https:\/\/share.google\/hJv8fkAaDjwKW8hoG\"]}]}<\/script>\n<!-- \/ Yoast SEO Premium plugin. -->","yoast_head_json":{"title":"Pribatutasun-politika &#8212; Embalajes de Madera en Bilbao \u2013 Bizkaia \u2013 Pa\u00eds Vasco \u2013 Embalajes Hegoalde","robots":{"index":"noindex","follow":"nofollow"},"og_locale":"eu_ES","og_type":"article","og_title":"Pribatutasun-politika","og_description":"PRIBATUTASUN-POLITIKA Gure Erakundean, gure protokoloak eta pribatutasun-politikak Datuen Babeserako Europako Erregelamendura (679\/2016 &#8211; RGPD) eta Datu Pertsonalen Babeserako eta Eskubide...","og_url":"https:\/\/embalajeshegoalde.com\/eu\/pribatutasun-politika\/","og_site_name":"Embalajes de Madera en Bilbao \u2013 Bizkaia \u2013 Pa\u00eds Vasco \u2013 Embalajes Hegoalde","article_modified_time":"2025-03-22T13:24:13+00:00","og_image":[{"url":"https:\/\/embalajeshegoalde.com\/wp-content\/uploads\/2025\/03\/footer-kit-digital-embalajes-hegoalde-bilbao-vizcaya.png","type":"","width":"","height":""}],"twitter_card":"summary_large_image","twitter_misc":{"Est. reading time":"3 minutes"},"schema":{"@context":"https:\/\/schema.org","@graph":[{"@type":"WebPage","@id":"https:\/\/embalajeshegoalde.com\/eu\/pribatutasun-politika\/","url":"https:\/\/embalajeshegoalde.com\/eu\/pribatutasun-politika\/","name":"Pribatutasun-politika &#8212; Embalajes de Madera en Bilbao \u2013 Bizkaia \u2013 Pa\u00eds Vasco \u2013 Embalajes Hegoalde","isPartOf":{"@id":"https:\/\/embalajeshegoalde.com\/eu\/#website"},"primaryImageOfPage":{"@id":"https:\/\/embalajeshegoalde.com\/eu\/pribatutasun-politika\/#primaryimage"},"image":{"@id":"https:\/\/embalajeshegoalde.com\/eu\/pribatutasun-politika\/#primaryimage"},"thumbnailUrl":"https:\/\/embalajeshegoalde.com\/wp-content\/uploads\/2025\/03\/footer-kit-digital-embalajes-hegoalde-bilbao-vizcaya.png","datePublished":"2023-06-26T07:07:12+00:00","dateModified":"2025-03-22T13:24:13+00:00","breadcrumb":{"@id":"https:\/\/embalajeshegoalde.com\/eu\/pribatutasun-politika\/#breadcrumb"},"inLanguage":"eu-ES","potentialAction":[{"@type":"ReadAction","target":["https:\/\/embalajeshegoalde.com\/eu\/pribatutasun-politika\/"]}]},{"@type":"ImageObject","inLanguage":"eu-ES","@id":"https:\/\/embalajeshegoalde.com\/eu\/pribatutasun-politika\/#primaryimage","url":"https:\/\/embalajeshegoalde.com\/wp-content\/uploads\/2025\/03\/footer-kit-digital-embalajes-hegoalde-bilbao-vizcaya.png","contentUrl":"https:\/\/embalajeshegoalde.com\/wp-content\/uploads\/2025\/03\/footer-kit-digital-embalajes-hegoalde-bilbao-vizcaya.png"},{"@type":"BreadcrumbList","@id":"https:\/\/embalajeshegoalde.com\/eu\/pribatutasun-politika\/#breadcrumb","itemListElement":[{"@type":"ListItem","position":1,"name":"Home","item":"https:\/\/embalajeshegoalde.com\/eu\/"},{"@type":"ListItem","position":2,"name":"Pribatutasun-politika"}]},{"@type":"WebSite","@id":"https:\/\/embalajeshegoalde.com\/eu\/#website","url":"https:\/\/embalajeshegoalde.com\/eu\/","name":"Embalajes de Madera en Bilbao \u2013 Bizkaia \u2013 Pa\u00eds Vasco \u2013 Embalajes Hegoalde","description":"Embalajes Hegoalde es especialista en embalajes de madera a medida en Loiu, junto al aeropuerto de Bilbao (Bizkaia). Fabricamos cajas, jaulas y bases de madera certificada para env\u00edos terrestres, mar\u00edtimos y a\u00e9reos, sin l\u00edmite de peso ni medida. Ofrecemos servicios de trincaje de contenedores, embalaje in situ, log\u00edstica, manipulaci\u00f3n y transporte para maquinaria, bienes de equipo y mercanc\u00eda fr\u00e1gil. Contamos con certificados ISO 9001 y NIMF 15, que garantizan calidad, seguridad y cumplimiento de normativas internacionales en el Pa\u00eds Vasco y resto de Espa\u00f1a.","publisher":{"@id":"https:\/\/embalajeshegoalde.com\/eu\/#organization"},"potentialAction":[{"@type":"SearchAction","target":{"@type":"EntryPoint","urlTemplate":"https:\/\/embalajeshegoalde.com\/eu\/?s={search_term_string}"},"query-input":{"@type":"PropertyValueSpecification","valueRequired":true,"valueName":"search_term_string"}}],"inLanguage":"eu-ES"},{"@type":"Organization","@id":"https:\/\/embalajeshegoalde.com\/eu\/#organization","name":"Embalajes Hegoalde","url":"https:\/\/embalajeshegoalde.com\/eu\/","logo":{"@type":"ImageObject","inLanguage":"eu-ES","@id":"https:\/\/embalajeshegoalde.com\/eu\/#\/schema\/logo\/image\/","url":"https:\/\/embalajeshegoalde.com\/wp-content\/uploads\/2025\/03\/logo-embalajes-hegoalde-bilbao-vizcaya.png","contentUrl":"https:\/\/embalajeshegoalde.com\/wp-content\/uploads\/2025\/03\/logo-embalajes-hegoalde-bilbao-vizcaya.png","width":800,"height":478,"caption":"Embalajes Hegoalde"},"image":{"@id":"https:\/\/embalajeshegoalde.com\/eu\/#\/schema\/logo\/image\/"},"sameAs":["https:\/\/share.google\/hJv8fkAaDjwKW8hoG"]}]}},"_links":{"self":[{"href":"https:\/\/embalajeshegoalde.com\/eu\/wp-json\/wp\/v2\/pages\/3391","targetHints":{"allow":["GET"]}}],"collection":[{"href":"https:\/\/embalajeshegoalde.com\/eu\/wp-json\/wp\/v2\/pages"}],"about":[{"href":"https:\/\/embalajeshegoalde.com\/eu\/wp-json\/wp\/v2\/types\/page"}],"author":[{"embeddable":true,"href":"https:\/\/embalajeshegoalde.com\/eu\/wp-json\/wp\/v2\/users\/3"}],"replies":[{"embeddable":true,"href":"https:\/\/embalajeshegoalde.com\/eu\/wp-json\/wp\/v2\/comments?post=3391"}],"version-history":[{"count":19,"href":"https:\/\/embalajeshegoalde.com\/eu\/wp-json\/wp\/v2\/pages\/3391\/revisions"}],"predecessor-version":[{"id":3577,"href":"https:\/\/embalajeshegoalde.com\/eu\/wp-json\/wp\/v2\/pages\/3391\/revisions\/3577"}],"wp:attachment":[{"href":"https:\/\/embalajeshegoalde.com\/eu\/wp-json\/wp\/v2\/media?parent=3391"}],"curies":[{"name":"wp","href":"https:\/\/api.w.org\/{rel}","templated":true}]}}